{"id":65320,"date":"2024-07-01T10:41:59","date_gmt":"2024-07-01T08:41:59","guid":{"rendered":"https:\/\/cndestetik.ch\/prodotto\/creme-regeneratrice-vegetalienne\/"},"modified":"2025-02-12T08:47:23","modified_gmt":"2025-02-12T07:47:23","slug":"creme-regeneratrice-vegetalienne","status":"publish","type":"product","link":"https:\/\/cndestetik.ch\/fr\/prodotto\/creme-regeneratrice-vegetalienne\/","title":{"rendered":"Cr\u00e8me r\u00e9g\u00e9n\u00e9ratrice v\u00e9g\u00e9talienne"},"content":{"rendered":"<p>La nouvelle cr\u00e8me r\u00e9g\u00e9n\u00e9ratrice VEGAN de Thuya est un extraordinaire traitement r\u00e9parateur pour vos cils et sourcils, particuli\u00e8rement adapt\u00e9 pour lutter contre la fragilit\u00e9 et la perte pr\u00e9matur\u00e9e. C&#8217;est \u00e9galement un excellent produit de finition et d&#8217;entretien \u00e0 domicile pour les traitements de teinture et de laminage des cils et des sourcils.<\/p>\n<p>L&#8217;utilisation quotidienne am\u00e9liore consid\u00e9rablement la structure des cheveux et les processus m\u00e9taboliques. Les cils et les sourcils para\u00eetront visiblement plus forts et plus sains, et ils seront \u00e9galement mieux prot\u00e9g\u00e9s contre les agents ext\u00e9rieurs. Il est transparent et s&#8217;applique facilement au pinceau, de pr\u00e9f\u00e9rence le soir, apr\u00e8s le d\u00e9maquillage.<\/p>\n<p>La Cr\u00e8me R\u00e9g\u00e9n\u00e9ratrice VEGAN de Thuya se vante d&#8217;une formulation riche en \u00e9l\u00e9ments pr\u00e9cieux, en effet, il s&#8217;agit pratiquement d&#8217;un concentr\u00e9 de principes actifs naturels aux effets multiples : les extraits d&#8217;huile de ricin et de zea mays ont une action fortifiante et anti-chute, tandis que ceux d&#8217;olive, de vigne rouge et d&#8217;\u00e9glantier, en synergie avec l&#8217;acide gallique, sont des antioxydants efficaces, y compris contre les agents externes. L&#8217;huile de tournesol, quant \u00e0 elle, hydrate et prot\u00e8ge. L&#8217;huile d&#8217;argan, en particulier, renforce encore l&#8217;efficacit\u00e9 du produit, car elle contient plus de 80 % d&#8217;acides gras polyinsatur\u00e9s om\u00e9ga-6 et a une teneur \u00e9lev\u00e9e en vitamines A, E (tocoph\u00e9rol) et F. Les vitamines am\u00e9liorent la structure du pelage et ont un effet nourrissant, protecteur et anti-\u00e2ge.<\/p>\n","protected":false},"excerpt":{"rendered":"<p>Un traitement r\u00e9parateur pour vos cils et sourcils, particuli\u00e8rement adapt\u00e9 pour lutter contre la fragilit\u00e9 et la perte pr\u00e9matur\u00e9e.<\/p>\n","protected":false},"featured_media":64778,"template":"","meta":{"_acf_changed":false},"product_brand":[],"product_cat":[2125,12749],"product_tag":[],"class_list":{"0":"post-65320","1":"product","2":"type-product","3":"status-publish","4":"has-post-thumbnail","6":"product_cat-lash-brow-fr","7":"product_cat-thuya-fr","8":"pa_pezzi-1-piece-fr","9":"pa_pezzi-16-pieces-fr","10":"pa_pezzi-8-pieces-fr","12":"first","13":"instock","14":"taxable","15":"shipping-taxable","16":"purchasable","17":"product-type-variable"},"acf":[],"jetpack_sharing_enabled":true,"_links":{"self":[{"href":"https:\/\/cndestetik.ch\/fr\/wp-json\/wp\/v2\/product\/65320","targetHints":{"allow":["GET"]}}],"collection":[{"href":"https:\/\/cndestetik.ch\/fr\/wp-json\/wp\/v2\/product"}],"about":[{"href":"https:\/\/cndestetik.ch\/fr\/wp-json\/wp\/v2\/types\/product"}],"wp:featuredmedia":[{"embeddable":true,"href":"https:\/\/cndestetik.ch\/fr\/wp-json\/wp\/v2\/media\/64778"}],"wp:attachment":[{"href":"https:\/\/cndestetik.ch\/fr\/wp-json\/wp\/v2\/media?parent=65320"}],"wp:term":[{"taxonomy":"product_brand","embeddable":true,"href":"https:\/\/cndestetik.ch\/fr\/wp-json\/wp\/v2\/product_brand?post=65320"},{"taxonomy":"product_cat","embeddable":true,"href":"https:\/\/cndestetik.ch\/fr\/wp-json\/wp\/v2\/product_cat?post=65320"},{"taxonomy":"product_tag","embeddable":true,"href":"https:\/\/cndestetik.ch\/fr\/wp-json\/wp\/v2\/product_tag?post=65320"}],"curies":[{"name":"wp","href":"https:\/\/api.w.org\/{rel}","templated":true}]}}