{"id":52836,"date":"2020-10-15T11:37:33","date_gmt":"2020-10-15T09:37:33","guid":{"rendered":"https:\/\/cndestetik.ch\/prodotto\/masque-visage-regenerant-jojoba-et-calendula\/"},"modified":"2025-01-24T13:12:41","modified_gmt":"2025-01-24T12:12:41","slug":"masque-visage-regenerant-jojoba-et-calendula","status":"publish","type":"product","link":"https:\/\/cndestetik.ch\/fr\/prodotto\/masque-visage-regenerant-jojoba-et-calendula\/","title":{"rendered":"Masque visage r\u00e9g\u00e9n\u00e9rant &#8211; jojoba et calendula"},"content":{"rendered":"<p><span data-sheets-value=\"{\"1\":2,\"2\":\"Con olio di Jojoba ed Estratto Spagirico di Calendula. Una maschera dal delicato e fresco profumo di Salvia e Limone consigliata per il trattamento di pelli secche, rovinate e spente. Dona alla cute nutrimento e protezione attenuando i segni del tempo. Rende l'epidermide tonica e compatta, conferendole rinnovata levigatezza ed elasticit\u00e0. Favorisce la rigenerazione dei tessuti e schiarisce la pelle.\\n\\nModalita d'uso:\\nDopo un'attenta detersione con latte detergente, gommage e\/o peeling stendere la maschera e lasciare in posa almeno 15 min. prima di sciacquare. Le maschere pi\u00f9 cremose possono essere applicate (quantit\u00e0 adeguata) anche la sera e lasciate in posa tutta la notte per essere sciacquate la mattina.\"}\" data-sheets-userformat=\"{\"2\":15297,\"3\":{\"1\":0},\"9\":0,\"10\":2,\"11\":0,\"12\":0,\"14\":{\"1\":2,\"2\":0},\"15\":\"Calibri\",\"16\":11}\">Avec de l&#8217;huile de jojoba et de l&#8217;extrait de souci spagyrique. Un masque au parfum d\u00e9licat et frais de sauge et de citron, recommand\u00e9 pour le traitement des peaux s\u00e8ches, ab\u00eem\u00e9es et ternes. Il nourrit et prot\u00e8ge la peau tout en att\u00e9nuant les signes du vieillissement. Il rend la peau tonique et ferme, en lui donnant un regain de douceur et d&#8217;\u00e9lasticit\u00e9. Il favorise la r\u00e9g\u00e9n\u00e9ration des tissus et \u00e9claircit la peau.<\/span><\/p>\n<p>Mode d&#8217;emploi : Apr\u00e8s un nettoyage soigneux avec un lait d\u00e9maquillant, un gommage et\/ou un peeling, appliquez le masque et laissez-le agir pendant au moins 15 minutes avant de le rincer. Les masques plus cr\u00e9meux peuvent \u00e9galement \u00eatre appliqu\u00e9s (en quantit\u00e9 appropri\u00e9e) le soir et laiss\u00e9s en place toute la nuit pour \u00eatre rinc\u00e9s le matin.<\/p>\n<p>Taille : 100ml.<\/p>\n","protected":false},"excerpt":{"rendered":"<p>Masque facial adapt\u00e9 aux peaux s\u00e8ches.<\/p>\n","protected":false},"featured_media":37686,"template":"","meta":{"_acf_changed":false},"product_brand":[],"product_cat":[1494,12982,12989],"product_tag":[509,459,473,449,490],"class_list":{"0":"post-52836","1":"product","2":"type-product","3":"status-publish","4":"has-post-thumbnail","6":"product_cat-cosmetiques","7":"product_cat-microcosme","8":"product_cat-visage","9":"product_tag-citron","10":"product_tag-jojoba-fr","11":"product_tag-nourrissant","12":"product_tag-rose-dinde","13":"product_tag-sage-fr","15":"first","16":"instock","17":"taxable","18":"shipping-taxable","19":"purchasable","20":"product-type-simple"},"acf":[],"jetpack_sharing_enabled":true,"_links":{"self":[{"href":"https:\/\/cndestetik.ch\/fr\/wp-json\/wp\/v2\/product\/52836","targetHints":{"allow":["GET"]}}],"collection":[{"href":"https:\/\/cndestetik.ch\/fr\/wp-json\/wp\/v2\/product"}],"about":[{"href":"https:\/\/cndestetik.ch\/fr\/wp-json\/wp\/v2\/types\/product"}],"wp:featuredmedia":[{"embeddable":true,"href":"https:\/\/cndestetik.ch\/fr\/wp-json\/wp\/v2\/media\/37686"}],"wp:attachment":[{"href":"https:\/\/cndestetik.ch\/fr\/wp-json\/wp\/v2\/media?parent=52836"}],"wp:term":[{"taxonomy":"product_brand","embeddable":true,"href":"https:\/\/cndestetik.ch\/fr\/wp-json\/wp\/v2\/product_brand?post=52836"},{"taxonomy":"product_cat","embeddable":true,"href":"https:\/\/cndestetik.ch\/fr\/wp-json\/wp\/v2\/product_cat?post=52836"},{"taxonomy":"product_tag","embeddable":true,"href":"https:\/\/cndestetik.ch\/fr\/wp-json\/wp\/v2\/product_tag?post=52836"}],"curies":[{"name":"wp","href":"https:\/\/api.w.org\/{rel}","templated":true}]}}