{"id":37996,"date":"2020-10-15T11:42:55","date_gmt":"2020-10-15T09:42:55","guid":{"rendered":"https:\/\/ticinoweb01.jcloud.ik-server.com\/cndestetik\/prodotto\/creme-pour-le-contour-des-yeux\/"},"modified":"2025-02-07T08:40:53","modified_gmt":"2025-02-07T07:40:53","slug":"creme-contour-des-yeux","status":"publish","type":"product","link":"https:\/\/cndestetik.ch\/fr\/prodotto\/creme-contour-des-yeux\/","title":{"rendered":"Cr\u00e8me pour le contour des yeux"},"content":{"rendered":"<p>L&#8217;activit\u00e9 \u00e9lastifiante et tonifiante de l&#8217;extrait spagyrique de ginseng, associ\u00e9e au beurre de karit\u00e9 et \u00e0 l&#8217;huile d&#8217;argan, am\u00e9liore l&#8217;aspect de la peau du contour des yeux tout en ayant un l\u00e9ger effet tenseur gr\u00e2ce \u00e0 l&#8217;extrait spagyrique de ginseng qu&#8217;elle contient.<\/p>\n<p>Il est sans parfum et convient donc \u00e9galement \u00e0 la zone oculaire plus sensible.<\/p>\n<p>Notre conseil ? Utilisez-le le matin en le faisant p\u00e9n\u00e9trer par de l\u00e9gers massages, en partant du creux interne de l&#8217;\u0153il et en allant vers l&#8217;ext\u00e9rieur de l&#8217;\u0153il : r\u00e9p\u00e9tez cette \u00e9tape trois ou quatre fois, tant sur la paupi\u00e8re que sur les cernes. Vous obtiendrez un effet tonifiant toute la journ\u00e9e et gr\u00e2ce \u00e0 cette \u00e9tape drainante, vous contribuerez \u00e9galement \u00e0 \u00e9claircir le regard.<\/p>\n<p>Taille : 10ml<\/p>\n","protected":false},"excerpt":{"rendered":"<p>Cr\u00e8me adapt\u00e9e au contour des yeux, am\u00e9liore l&#8217;aspect de la peau qui les entoure.<\/p>\n","protected":false},"featured_media":57918,"template":"","meta":{"_acf_changed":false},"product_brand":[],"product_cat":[1494,12982,9906,12989],"product_tag":[562,8381,3834,591,433,729],"class_list":{"0":"post-37996","1":"product","2":"type-product","3":"status-publish","4":"has-post-thumbnail","6":"product_cat-cosmetiques","7":"product_cat-microcosme","8":"product_cat-oiseau-rose","9":"product_cat-visage","10":"product_tag-argan-fr","11":"product_tag-contour-fr-2","12":"product_tag-creme","13":"product_tag-ginseng-fr","14":"product_tag-karite-fr","15":"product_tag-yeux","17":"first","18":"instock","19":"taxable","20":"shipping-taxable","21":"purchasable","22":"product-type-simple"},"acf":[],"jetpack_sharing_enabled":true,"_links":{"self":[{"href":"https:\/\/cndestetik.ch\/fr\/wp-json\/wp\/v2\/product\/37996","targetHints":{"allow":["GET"]}}],"collection":[{"href":"https:\/\/cndestetik.ch\/fr\/wp-json\/wp\/v2\/product"}],"about":[{"href":"https:\/\/cndestetik.ch\/fr\/wp-json\/wp\/v2\/types\/product"}],"wp:featuredmedia":[{"embeddable":true,"href":"https:\/\/cndestetik.ch\/fr\/wp-json\/wp\/v2\/media\/57918"}],"wp:attachment":[{"href":"https:\/\/cndestetik.ch\/fr\/wp-json\/wp\/v2\/media?parent=37996"}],"wp:term":[{"taxonomy":"product_brand","embeddable":true,"href":"https:\/\/cndestetik.ch\/fr\/wp-json\/wp\/v2\/product_brand?post=37996"},{"taxonomy":"product_cat","embeddable":true,"href":"https:\/\/cndestetik.ch\/fr\/wp-json\/wp\/v2\/product_cat?post=37996"},{"taxonomy":"product_tag","embeddable":true,"href":"https:\/\/cndestetik.ch\/fr\/wp-json\/wp\/v2\/product_tag?post=37996"}],"curies":[{"name":"wp","href":"https:\/\/api.w.org\/{rel}","templated":true}]}}