{"id":37992,"date":"2020-10-15T11:43:06","date_gmt":"2020-10-15T09:43:06","guid":{"rendered":"https:\/\/ticinoweb01.jcloud.ik-server.com\/cndestetik\/prodotto\/creme-anti-rides\/"},"modified":"2025-01-24T13:01:40","modified_gmt":"2025-01-24T12:01:40","slug":"creme-anti-rides","status":"publish","type":"product","link":"https:\/\/cndestetik.ch\/fr\/prodotto\/creme-anti-rides\/","title":{"rendered":"Cr\u00e8me anti-rides"},"content":{"rendered":"<p>A <span data-sheets-value=\"{\"1\":2,\"2\":\"Con estratto spagirico di Echinacea, \u00e8 un ottimo antirughe e rafforza le difese immunitarie della pelle.\\n\\nE' una crema dalla texture semplice e leggera; ottima come primer prima del trucco, si addice ad una crema giorno.\\nPu\u00f2 essere usata anche di notte, magari supportata da un OLEOLITO VISO pi\u00f9 adeguato sulla base del tipo di pelle, per un effetto nutriente e rinforzante.\\n\\nComoda, elengante e dalla profumazione semplice ed essenziale!\"}\" data-sheets-userformat=\"{\"2\":15297,\"3\":{\"1\":0},\"9\":0,\"10\":2,\"11\":0,\"12\":0,\"14\":{\"1\":2,\"2\":0},\"15\":\"Calibri\",\"16\":11}\">l&#8217;extrait d&#8217;Echinacea spagyrique, elle est un excellent anti-rides et renforce les d\u00e9fenses immunitaires de la peau.<\/span> C&#8217;est une cr\u00e8me \u00e0 la texture simple et l\u00e9g\u00e8re ; excellente comme primer avant le maquillage, elle convient comme cr\u00e8me de jour. Elle peut aussi \u00eatre utilis\u00e9e la nuit, \u00e9ventuellement soutenue par une HUILE VISAGE plus appropri\u00e9e selon le type de peau, pour un effet nourrissant et renfor\u00e7ant. Pratique, \u00e9l\u00e9gante et avec un parfum simple et essentiel ! Format : 30ml<\/p>\n","protected":false},"excerpt":{"rendered":"<p>Cr\u00e8me l\u00e9g\u00e8re,  <span data-sheets-value=\"{\"1\":2,\"2\":\"Con estratto spagirico di Echinacea, \u00e8 un ottimo antirughe e rafforza le difese immunitarie della pelle.\\n\\nE' una crema dalla texture semplice e leggera; ottima come primer prima del trucco, si addice ad una crema giorno.\\nPu\u00f2 essere usata anche di notte, magari supportata da un OLEOLITO VISO pi\u00f9 adeguato sulla base del tipo di pelle, per un effetto nutriente e rinforzante.\\n\\nComoda, elengante e dalla profumazione semplice ed essenziale!\"}\" data-sheets-userformat=\"{\"2\":15297,\"3\":{\"1\":0},\"9\":0,\"10\":2,\"11\":0,\"12\":0,\"14\":{\"1\":2,\"2\":0},\"15\":\"Calibri\",\"16\":11}\">excellent anti-rides et renfor\u00e7ant la peau. Elle peut \u00e9galement \u00eatre utilis\u00e9e comme cr\u00e8me de nuit.<\/span><\/p>\n","protected":false},"featured_media":37442,"template":"","meta":{"_acf_changed":false},"product_brand":[],"product_cat":[1494,12982,9906,12989],"product_tag":[8965,587,3834,589,436],"class_list":{"0":"post-37992","1":"product","2":"type-product","3":"status-publish","4":"has-post-thumbnail","6":"product_cat-cosmetiques","7":"product_cat-microcosme","8":"product_cat-oiseau-rose","9":"product_cat-visage","10":"product_tag-agent-fortifiant-fr","11":"product_tag-anti-rides","12":"product_tag-creme","13":"product_tag-echinea-fr","14":"product_tag-spagyria","16":"first","17":"instock","18":"taxable","19":"shipping-taxable","20":"purchasable","21":"product-type-simple"},"acf":[],"jetpack_sharing_enabled":true,"_links":{"self":[{"href":"https:\/\/cndestetik.ch\/fr\/wp-json\/wp\/v2\/product\/37992","targetHints":{"allow":["GET"]}}],"collection":[{"href":"https:\/\/cndestetik.ch\/fr\/wp-json\/wp\/v2\/product"}],"about":[{"href":"https:\/\/cndestetik.ch\/fr\/wp-json\/wp\/v2\/types\/product"}],"wp:featuredmedia":[{"embeddable":true,"href":"https:\/\/cndestetik.ch\/fr\/wp-json\/wp\/v2\/media\/37442"}],"wp:attachment":[{"href":"https:\/\/cndestetik.ch\/fr\/wp-json\/wp\/v2\/media?parent=37992"}],"wp:term":[{"taxonomy":"product_brand","embeddable":true,"href":"https:\/\/cndestetik.ch\/fr\/wp-json\/wp\/v2\/product_brand?post=37992"},{"taxonomy":"product_cat","embeddable":true,"href":"https:\/\/cndestetik.ch\/fr\/wp-json\/wp\/v2\/product_cat?post=37992"},{"taxonomy":"product_tag","embeddable":true,"href":"https:\/\/cndestetik.ch\/fr\/wp-json\/wp\/v2\/product_tag?post=37992"}],"curies":[{"name":"wp","href":"https:\/\/api.w.org\/{rel}","templated":true}]}}